{"id":26576,"date":"2021-04-08T14:47:00","date_gmt":"2021-04-08T14:47:00","guid":{"rendered":"https:\/\/colpresentacioncartago.edu.co\/site\/?page_id=26576"},"modified":"2023-05-18T14:52:39","modified_gmt":"2023-05-18T12:52:39","slug":"gestion-de-calidad","status":"publish","type":"page","link":"https:\/\/colpresentacioncartago.edu.co\/site\/?page_id=26576","title":{"rendered":"Gesti\u00f3n de Calidad"},"content":{"rendered":"\t\t<div data-elementor-type=\"wp-page\" data-elementor-id=\"26576\" class=\"elementor elementor-26576\" data-elementor-post-type=\"page\">\n\t\t\t\t\t\t<section class=\"elementor-section elementor-top-section elementor-element elementor-element-889db0c elementor-section-boxed elementor-section-height-default elementor-section-height-default\" data-id=\"889db0c\" data-element_type=\"section\" data-settings=\"{&quot;background_background&quot;:&quot;classic&quot;,&quot;background_motion_fx_motion_fx_scrolling&quot;:&quot;yes&quot;,&quot;background_motion_fx_motion_fx_mouse&quot;:&quot;yes&quot;,&quot;background_motion_fx_devices&quot;:[&quot;desktop&quot;,&quot;tablet&quot;,&quot;mobile&quot;]}\">\n\t\t\t\t\t\t\t<div class=\"elementor-background-overlay\"><\/div>\n\t\t\t\t\t\t\t<div class=\"elementor-container elementor-column-gap-default\">\n\t\t\t\t\t<div class=\"elementor-column elementor-col-100 elementor-top-column elementor-element elementor-element-d8883e2\" data-id=\"d8883e2\" data-element_type=\"column\">\n\t\t\t<div class=\"elementor-widget-wrap\">\n\t\t\t\t\t\t\t<\/div>\n\t\t<\/div>\n\t\t\t\t\t<\/div>\n\t\t<\/section>\n\t\t\t\t<section class=\"elementor-section elementor-top-section elementor-element elementor-element-1eab976 elementor-section-boxed elementor-section-height-default elementor-section-height-default\" data-id=\"1eab976\" data-element_type=\"section\">\n\t\t\t\t\t\t<div class=\"elementor-container elementor-column-gap-default\">\n\t\t\t\t\t<div class=\"elementor-column elementor-col-100 elementor-top-column elementor-element elementor-element-65424aa\" data-id=\"65424aa\" data-element_type=\"column\">\n\t\t\t<div class=\"elementor-widget-wrap elementor-element-populated\">\n\t\t\t\t\t\t<div class=\"elementor-element elementor-element-d6f4215 elementor-widget-divider--view-line elementor-widget elementor-widget-divider\" data-id=\"d6f4215\" data-element_type=\"widget\" data-widget_type=\"divider.default\">\n\t\t\t\t\t\t\t<div class=\"elementor-divider\">\n\t\t\t<span class=\"elementor-divider-separator\">\n\t\t\t\t\t\t<\/span>\n\t\t<\/div>\n\t\t\t\t\t\t<\/div>\n\t\t\t\t\t<\/div>\n\t\t<\/div>\n\t\t\t\t\t<\/div>\n\t\t<\/section>\n\t\t\t\t<section class=\"elementor-section elementor-top-section elementor-element elementor-element-a1d9e67 elementor-section-boxed elementor-section-height-default elementor-section-height-default\" data-id=\"a1d9e67\" data-element_type=\"section\">\n\t\t\t\t\t\t<div class=\"elementor-container elementor-column-gap-default\">\n\t\t\t\t\t<div class=\"elementor-column elementor-col-100 elementor-top-column elementor-element elementor-element-aaae8ab\" data-id=\"aaae8ab\" data-element_type=\"column\">\n\t\t\t<div class=\"elementor-widget-wrap elementor-element-populated\">\n\t\t\t\t\t\t<div class=\"elementor-element elementor-element-0d61400 elementor-widget elementor-widget-image\" data-id=\"0d61400\" data-element_type=\"widget\" data-widget_type=\"image.default\">\n\t\t\t\t\t\t\t\t\t\t\t\t\t\t\t<img fetchpriority=\"high\" decoding=\"async\" width=\"1810\" height=\"2560\" src=\"https:\/\/colpresentacioncartago.edu.co\/site\/wp-content\/uploads\/2022\/01\/1-scaled.jpg\" class=\"attachment-full size-full wp-image-27527\" alt=\"\" srcset=\"https:\/\/colpresentacioncartago.edu.co\/site\/wp-content\/uploads\/2022\/01\/1-scaled.jpg 1810w, https:\/\/colpresentacioncartago.edu.co\/site\/wp-content\/uploads\/2022\/01\/1-212x300.jpg 212w, https:\/\/colpresentacioncartago.edu.co\/site\/wp-content\/uploads\/2022\/01\/1-724x1024.jpg 724w, https:\/\/colpresentacioncartago.edu.co\/site\/wp-content\/uploads\/2022\/01\/1-768x1086.jpg 768w, https:\/\/colpresentacioncartago.edu.co\/site\/wp-content\/uploads\/2022\/01\/1-1086x1536.jpg 1086w, https:\/\/colpresentacioncartago.edu.co\/site\/wp-content\/uploads\/2022\/01\/1-1448x2048.jpg 1448w, https:\/\/colpresentacioncartago.edu.co\/site\/wp-content\/uploads\/2022\/01\/1-600x849.jpg 600w\" sizes=\"(max-width: 1810px) 100vw, 1810px\" \/>\t\t\t\t\t\t\t\t\t\t\t\t\t\t\t<\/div>\n\t\t\t\t\t<\/div>\n\t\t<\/div>\n\t\t\t\t\t<\/div>\n\t\t<\/section>\n\t\t\t\t<section class=\"elementor-section elementor-top-section elementor-element elementor-element-1e226fc elementor-section-boxed elementor-section-height-default elementor-section-height-default\" data-id=\"1e226fc\" data-element_type=\"section\">\n\t\t\t\t\t\t<div class=\"elementor-container elementor-column-gap-default\">\n\t\t\t\t\t<div class=\"elementor-column elementor-col-100 elementor-top-column elementor-element elementor-element-5e9cea0\" data-id=\"5e9cea0\" data-element_type=\"column\">\n\t\t\t<div class=\"elementor-widget-wrap elementor-element-populated\">\n\t\t\t\t\t\t<section class=\"elementor-section elementor-inner-section elementor-element elementor-element-4523613 elementor-section-boxed elementor-section-height-default elementor-section-height-default\" data-id=\"4523613\" data-element_type=\"section\">\n\t\t\t\t\t\t<div class=\"elementor-container elementor-column-gap-default\">\n\t\t\t\t\t<div class=\"elementor-column elementor-col-100 elementor-inner-column elementor-element elementor-element-03ffea8\" data-id=\"03ffea8\" data-element_type=\"column\">\n\t\t\t<div class=\"elementor-widget-wrap elementor-element-populated\">\n\t\t\t\t\t\t<div class=\"elementor-element elementor-element-285e0e4 elementor-widget elementor-widget-heading\" data-id=\"285e0e4\" data-element_type=\"widget\" data-widget_type=\"heading.default\">\n\t\t\t\t\t<h1 class=\"elementor-heading-title elementor-size-xxl\">MISI\u00d3N <\/h1>\t\t\t\t<\/div>\n\t\t\t\t<div class=\"elementor-element elementor-element-7d13a2d elementor-widget elementor-widget-text-editor\" data-id=\"7d13a2d\" data-element_type=\"widget\" data-widget_type=\"text-editor.default\">\n\t\t\t\t\t\t\t\t\t<p><strong><span style=\"font-size: 12pt; font-family: Arial; color: #000000; background-color: transparent; font-style: normal; font-variant: normal; text-decoration: none; vertical-align: baseline; white-space: pre-wrap;\">Somos una Instituci\u00f3n educativa confesional cat\u00f3lica, de car\u00e1cter privado, dirigida por las Hermanas de la Caridad Dominicas de la Presentaci\u00f3n de la Sant\u00edsima Virgen. Ofrecemos formaci\u00f3n integral, a la ni\u00f1ez y a la juventud, desde el Evangelio, la pedagog\u00eda de Marie Poussepin y los Principios de la educaci\u00f3n personalizada, dentro del marco del Plan Global de Pastoral Educativa de la Provincia del Manizales en camino de reestructuraci\u00f3n;<\/span> <span style=\"font-size: 12pt; font-family: Arial; color: #000000; background-color: transparent; font-style: normal; font-variant: normal; text-decoration: none; vertical-align: baseline; white-space: pre-wrap;\">con el fin de desarrollar su espiritualidad y potencialidades, para vivir su\u00a0 compromiso con Dios, consigo mismo, con la sociedad y con la creaci\u00f3n.<\/span><\/strong><\/p>\t\t\t\t\t\t\t\t<\/div>\n\t\t\t\t\t<\/div>\n\t\t<\/div>\n\t\t\t\t\t<\/div>\n\t\t<\/section>\n\t\t\t\t\t<\/div>\n\t\t<\/div>\n\t\t\t\t\t<\/div>\n\t\t<\/section>\n\t\t\t\t<section class=\"elementor-section elementor-top-section elementor-element elementor-element-6e2ef3d elementor-section-boxed elementor-section-height-default elementor-section-height-default\" data-id=\"6e2ef3d\" data-element_type=\"section\">\n\t\t\t\t\t\t<div class=\"elementor-container elementor-column-gap-default\">\n\t\t\t\t\t<div class=\"elementor-column elementor-col-100 elementor-top-column elementor-element elementor-element-7777267\" data-id=\"7777267\" data-element_type=\"column\">\n\t\t\t<div class=\"elementor-widget-wrap elementor-element-populated\">\n\t\t\t\t\t\t<div class=\"elementor-element elementor-element-1bdee0e elementor-widget elementor-widget-heading\" data-id=\"1bdee0e\" data-element_type=\"widget\" data-widget_type=\"heading.default\">\n\t\t\t\t\t<h1 class=\"elementor-heading-title elementor-size-xxl\">VISI\u00d3N<\/h1>\t\t\t\t<\/div>\n\t\t\t\t<div class=\"elementor-element elementor-element-88d238c elementor-widget elementor-widget-text-editor\" data-id=\"88d238c\" data-element_type=\"widget\" data-widget_type=\"text-editor.default\">\n\t\t\t\t\t\t\t\t\t<h3><span id=\"docs-internal-guid-f9628486-7fff-b275-09b1-8b38f1f1c64b\"><span style=\"font-size: 11pt; font-family: Arial; color: #000000; background-color: transparent; font-variant-numeric: normal; font-variant-east-asian: normal; font-variant-alternates: normal; vertical-align: baseline; white-space: pre-wrap;\">Hacia el a\u00f1o 2026 nuestra Instituci\u00f3n Educativa ser\u00e1 reconocida\u00a0 por entregar a la Iglesia y a la sociedad j\u00f3venes l\u00edderes, cr\u00edticos,\u00a0 comprometidos desde el\u00a0 Evangelio, social y pol\u00edticamente; con un curr\u00edculo pertinente y abierto a nuevos paradigmas, que les desarrolle competencias para transformar su entorno, desde la vivencia de la \u00e9tica de la Verdad y con la centralidad en Jesucristo. <\/span><\/span><\/h3>\t\t\t\t\t\t\t\t<\/div>\n\t\t\t\t\t<\/div>\n\t\t<\/div>\n\t\t\t\t\t<\/div>\n\t\t<\/section>\n\t\t\t\t<section class=\"elementor-section elementor-top-section elementor-element elementor-element-465204c elementor-section-boxed elementor-section-height-default elementor-section-height-default\" data-id=\"465204c\" data-element_type=\"section\">\n\t\t\t\t\t\t<div class=\"elementor-container elementor-column-gap-default\">\n\t\t\t\t\t<div class=\"elementor-column elementor-col-100 elementor-top-column elementor-element elementor-element-6565a82\" data-id=\"6565a82\" data-element_type=\"column\">\n\t\t\t<div class=\"elementor-widget-wrap elementor-element-populated\">\n\t\t\t\t\t\t<div class=\"elementor-element elementor-element-3f64557 elementor-widget elementor-widget-heading\" data-id=\"3f64557\" data-element_type=\"widget\" data-widget_type=\"heading.default\">\n\t\t\t\t\t<h1 class=\"elementor-heading-title elementor-size-xxl\">POL\u00cdTICA DE CALIDAD<\/h1>\t\t\t\t<\/div>\n\t\t\t\t<div class=\"elementor-element elementor-element-719f267 elementor-widget elementor-widget-text-editor\" data-id=\"719f267\" data-element_type=\"widget\" data-widget_type=\"text-editor.default\">\n\t\t\t\t\t\t\t\t\t<p><strong><span style=\"font-size: 11pt; font-family: Arial; color: #000000; background-color: transparent; font-variant-numeric: normal; font-variant-east-asian: normal; font-variant-alternates: normal; vertical-align: baseline; white-space: pre-wrap;\">Para implementar nuestra Misi\u00f3n y Visi\u00f3n, nos comprometemos a:<\/span><\/strong><\/p><p dir=\"ltr\" style=\"line-height: 1.7999999999999998; text-align: justify; margin-top: 0pt; margin-bottom: 12pt;\"><strong><span style=\"font-size: 11pt; font-family: Arial; color: #000000; background-color: transparent; font-variant-numeric: normal; font-variant-east-asian: normal; font-variant-alternates: normal; vertical-align: baseline; white-space: pre-wrap;\">-Continuar la mejora\u00a0 en la\u00a0 prestaci\u00f3n del servicio educativo, para la formaci\u00f3n integral\u00a0 de\u00a0 ni\u00f1os y j\u00f3venes, orientada a la vivencia del compromiso con Dios, consigo mismo, con la sociedad, con la naturaleza.\u00a0<\/span><\/strong><\/p><p dir=\"ltr\" style=\"line-height: 1.7999999999999998; text-align: justify; margin-top: 0pt; margin-bottom: 12pt;\"><strong><span style=\"font-size: 11pt; font-family: Arial; color: #000000; background-color: transparent; font-variant-numeric: normal; font-variant-east-asian: normal; font-variant-alternates: normal; vertical-align: baseline; white-space: pre-wrap;\">-Lograr la identificaci\u00f3n de la Instituci\u00f3n, con la caracterizaci\u00f3n de un \u201cColegio en Pastoral\u201d con el compromiso de la \u201cTransformaci\u00f3n Social\u201d mediante la pr\u00e1ctica de los valores del \u201cBuen Samaritano\u201d mediante<\/span> <span style=\"font-size: 11pt; font-family: Arial; color: #000000; background-color: transparent; font-variant-numeric: normal; font-variant-east-asian: normal; font-variant-alternates: normal; vertical-align: baseline; white-space: pre-wrap;\">\u00a0acciones proyectadas a la Responsabilidad Social en todos los \u00e1mbitos de la Organizaci\u00f3n Educativa.<\/span><\/strong><\/p><p dir=\"ltr\" style=\"line-height: 1.7999999999999998; text-align: justify; margin-top: 0pt; margin-bottom: 12pt;\"><strong><span style=\"font-size: 11pt; font-family: Arial; color: #000000; background-color: transparent; font-variant-numeric: normal; font-variant-east-asian: normal; font-variant-alternates: normal; vertical-align: baseline; white-space: pre-wrap;\">-Continuar la mejora en la satisfacci\u00f3n de padres, estudiantes y partes interesadas del servicio educativo a trav\u00e9s del cumplimiento de los requisitos que aplican<\/span><span style=\"font-size: 11pt; font-family: Arial; color: #76923c; background-color: transparent; font-variant-numeric: normal; font-variant-east-asian: normal; font-variant-alternates: normal; vertical-align: baseline; white-space: pre-wrap;\">.<\/span><\/strong><\/p><p dir=\"ltr\" style=\"line-height: 1.7999999999999998; text-align: justify; margin-top: 0pt; margin-bottom: 12pt;\"><strong><span style=\"font-size: 11pt; font-family: Arial; color: #000000; background-color: transparent; font-variant-numeric: normal; font-variant-east-asian: normal; font-variant-alternates: normal; vertical-align: baseline; white-space: pre-wrap;\">-Continuar la mejora\u00a0 en la formaci\u00f3n en liderazgo seg\u00fan los\u00a0 valores evang\u00e9licos, para lograr\u00a0 la integralidad del ser, y generar la competencia para la trasformaci\u00f3n de los\u00a0 escenarios de interacci\u00f3n familiar y social.\u00a0\u00a0<\/span><\/strong><\/p><p dir=\"ltr\" style=\"line-height: 1.7999999999999998; text-align: justify; margin-top: 0pt; margin-bottom: 12pt;\"><strong><span style=\"font-size: 11pt; font-family: Arial; color: #000000; background-color: transparent; font-variant-numeric: normal; font-variant-east-asian: normal; font-variant-alternates: normal; vertical-align: baseline; white-space: pre-wrap;\">-Continuar la mejora\u00a0 en la\u00a0 selecci\u00f3n y formaci\u00f3n de un talento humano id\u00f3neo\u00a0 y competente, con sentido \u00e9tico y de pertenencia, comprometido con la eficacia del\u00a0 SGOE y con la vivencia y desarrollo del Plan Global de Pastoral Educativa\u00a0 de la Provincia.<\/span><\/strong><\/p><p dir=\"ltr\" style=\"line-height: 1.7999999999999998; text-align: justify; margin-top: 0pt; margin-bottom: 12pt;\"><strong><span style=\"font-size: 11pt; font-family: Arial; color: #000000; background-color: transparent; font-variant-numeric: normal; font-variant-east-asian: normal; font-variant-alternates: normal; vertical-align: baseline; white-space: pre-wrap;\">-Continuar la mejora en la cultura de la Prevenci\u00f3n\u00a0 con el fin de reducir los efectos no deseados\u00a0 y aprovechar las oportunidades, para asegurar el logro de los resultados previstos.<\/span><\/strong><\/p><p dir=\"ltr\" style=\"line-height: 1.7999999999999998; text-align: justify; margin-top: 0pt; margin-bottom: 12pt;\"><strong><span style=\"font-size: 11pt; font-family: Arial; color: #000000; background-color: transparent; font-variant-numeric: normal; font-variant-east-asian: normal; font-variant-alternates: normal; vertical-align: baseline; white-space: pre-wrap;\">-Continuar con la mejora del\u00a0 ambiente y la\u00a0 infraestructura adecuados para el desarrollo de los procesos, con la destinaci\u00f3n y optimizaci\u00f3n\u00a0 de los\u00a0 recursos, para la sostenibilidad del servicio educativo.<\/span><\/strong><\/p><p dir=\"ltr\" style=\"line-height: 1.7999999999999998; text-align: justify; margin-top: 0pt; margin-bottom: 12pt;\"><strong><span style=\"font-size: 11pt; font-family: Arial; color: #000000; background-color: transparent; font-variant-numeric: normal; font-variant-east-asian: normal; font-variant-alternates: normal; vertical-align: baseline; white-space: pre-wrap;\">&#8211; Fortalecer la cultura de la \u201cVerdad\u201d como expresi\u00f3n del comportamiento \u00e9tico encauzado a salvaguardar los Derechos de\u00a0 la persona y a dar testimonio de la Verdad de Jesucristo.<\/span><\/strong><\/p><div><strong><span style=\"font-size: 11pt; font-family: Arial; color: #000000; background-color: transparent; font-variant-numeric: normal; font-variant-east-asian: normal; font-variant-alternates: normal; vertical-align: baseline; white-space: pre-wrap;\">\u00a0<\/span><\/strong><\/div>\t\t\t\t\t\t\t\t<\/div>\n\t\t\t\t\t<\/div>\n\t\t<\/div>\n\t\t\t\t\t<\/div>\n\t\t<\/section>\n\t\t\t\t<section class=\"elementor-section elementor-top-section elementor-element elementor-element-06c6148 elementor-section-boxed elementor-section-height-default elementor-section-height-default\" data-id=\"06c6148\" data-element_type=\"section\">\n\t\t\t\t\t\t<div class=\"elementor-container elementor-column-gap-default\">\n\t\t\t\t\t<div class=\"elementor-column elementor-col-100 elementor-top-column elementor-element elementor-element-bffa828\" data-id=\"bffa828\" data-element_type=\"column\">\n\t\t\t<div class=\"elementor-widget-wrap elementor-element-populated\">\n\t\t\t\t\t\t<div class=\"elementor-element elementor-element-4c53ef4 elementor-widget elementor-widget-heading\" data-id=\"4c53ef4\" data-element_type=\"widget\" data-widget_type=\"heading.default\">\n\t\t\t\t\t<h1 class=\"elementor-heading-title elementor-size-xxl\">OBJETIVOS DE CALIDAD<\/h1>\t\t\t\t<\/div>\n\t\t\t\t<div class=\"elementor-element elementor-element-07b6908 elementor-widget elementor-widget-heading\" data-id=\"07b6908\" data-element_type=\"widget\" data-widget_type=\"heading.default\">\n\t\t\t\t\t<h2 class=\"elementor-heading-title elementor-size-large\">FORMACI\u00d3N INTEGRAL<\/h2>\t\t\t\t<\/div>\n\t\t\t\t<div class=\"elementor-element elementor-element-cd75eac elementor-widget elementor-widget-text-editor\" data-id=\"cd75eac\" data-element_type=\"widget\" data-widget_type=\"text-editor.default\">\n\t\t\t\t\t\t\t\t\t<h3><strong><span id=\"docs-internal-guid-ca1ff8c1-7fff-6fdc-6a14-486fe03e6904\"><span style=\"font-size: 12pt; font-family: Arial; color: #000000; background-color: transparent; font-variant-numeric: normal; font-variant-east-asian: normal; font-variant-alternates: normal; vertical-align: baseline; white-space: pre-wrap;\">Ofrecer elementos para<\/span> <span style=\"font-size: 12pt; font-family: Arial; color: #000000; background-color: transparent; font-variant-numeric: normal; font-variant-east-asian: normal; font-variant-alternates: normal; vertical-align: baseline; white-space: pre-wrap;\">la\u00a0 formaci\u00f3n integral de los estudiantes, desde el Evangelio, los principios pedag\u00f3gicos de Marie Poussepin y\u00a0 de la educaci\u00f3n personalizada, con el fin\u00a0 de desarrollar su\u00a0 espiritualidad y potencialidades,<\/span> <span style=\"font-size: 12pt; font-family: Arial; color: #000000; background-color: transparent; font-variant-numeric: normal; font-variant-east-asian: normal; font-variant-alternates: normal; vertical-align: baseline; white-space: pre-wrap;\">para vivir su compromiso con Dios, consigo mismo, con la sociedad y con la naturaleza.<\/span><\/span><\/strong><\/h3>\t\t\t\t\t\t\t\t<\/div>\n\t\t\t\t<div class=\"elementor-element elementor-element-ff5ed47 elementor-widget elementor-widget-heading\" data-id=\"ff5ed47\" data-element_type=\"widget\" data-widget_type=\"heading.default\">\n\t\t\t\t\t<h2 class=\"elementor-heading-title elementor-size-large\">SATISFACCI\u00d3N DE PADRES DE FAMILIA, ESTUDIANTES Y PARTES INTERESADAS<\/h2>\t\t\t\t<\/div>\n\t\t\t\t<div class=\"elementor-element elementor-element-48fc425 elementor-widget elementor-widget-text-editor\" data-id=\"48fc425\" data-element_type=\"widget\" data-widget_type=\"text-editor.default\">\n\t\t\t\t\t\t\t\t\t<h3><span id=\"docs-internal-guid-f9628486-7fff-b275-09b1-8b38f1f1c64b\"><span style=\"font-size: 11pt; font-family: Arial; color: #000000; background-color: transparent; font-variant-numeric: normal; font-variant-east-asian: normal; font-variant-alternates: normal; vertical-align: baseline; white-space: pre-wrap;\">Mejorar la satisfacci\u00f3n en las expectativas y necesidades de estudiantes, padres de familia y partes interesadas del servicio educativo, mediante el cumplimiento de los requisitos que aplican, con el fin de avanzar en el logro del prop\u00f3sito de vida. <\/span><\/span><\/h3>\t\t\t\t\t\t\t\t<\/div>\n\t\t\t\t<div class=\"elementor-element elementor-element-248cb5e elementor-widget elementor-widget-heading\" data-id=\"248cb5e\" data-element_type=\"widget\" data-widget_type=\"heading.default\">\n\t\t\t\t\t<h2 class=\"elementor-heading-title elementor-size-large\">FORMACI\u00d3N DE LIDERAZGO EN VALORES<\/h2>\t\t\t\t<\/div>\n\t\t\t\t<div class=\"elementor-element elementor-element-246b216 elementor-widget elementor-widget-text-editor\" data-id=\"246b216\" data-element_type=\"widget\" data-widget_type=\"text-editor.default\">\n\t\t\t\t\t\t\t\t\t<p dir=\"ltr\" style=\"line-height: 1.2; text-align: justify; margin-top: 0pt; margin-bottom: 0pt;\"><strong><span style=\"font-size: 12pt; font-family: Arial; color: #000000; background-color: transparent; font-variant-numeric: normal; font-variant-east-asian: normal; font-variant-alternates: normal; vertical-align: baseline; white-space: pre-wrap;\">Mejorar la formaci\u00f3n en liderazgo, mediante<\/span> <span style=\"font-size: 12pt; font-family: Arial; color: #000000; background-color: transparent; font-variant-numeric: normal; font-variant-east-asian: normal; font-variant-alternates: normal; vertical-align: baseline; white-space: pre-wrap;\">el desarrollo de la espiritualidad y las competencias, para el logro de la integralidad del ser; que se manifieste en el servicio al otro, la solidaridad, la participaci\u00f3n activa en la vida de la Instituci\u00f3n.<\/span><\/strong><\/p>\t\t\t\t\t\t\t\t<\/div>\n\t\t\t\t<div class=\"elementor-element elementor-element-a355a96 elementor-widget elementor-widget-heading\" data-id=\"a355a96\" data-element_type=\"widget\" data-widget_type=\"heading.default\">\n\t\t\t\t\t<h2 class=\"elementor-heading-title elementor-size-large\">COLEGIO EN PASTORAL<\/h2>\t\t\t\t<\/div>\n\t\t\t\t<div class=\"elementor-element elementor-element-4e2e0ea elementor-widget elementor-widget-text-editor\" data-id=\"4e2e0ea\" data-element_type=\"widget\" data-widget_type=\"text-editor.default\">\n\t\t\t\t\t\t\t\t\t<h3><span id=\"docs-internal-guid-f9628486-7fff-b275-09b1-8b38f1f1c64b\"><span style=\"font-size: 11pt; font-family: Arial; color: #000000; background-color: transparent; font-variant-numeric: normal; font-variant-east-asian: normal; font-variant-alternates: normal; vertical-align: baseline; white-space: pre-wrap;\">Orientar la acci\u00f3n formadora, tanto pedag\u00f3gica como de convivencia, desde el Evangelio, para el logro de la vivencia de los valores humanos y evang\u00e9licos desde la escuela, con proyecci\u00f3n a la transformaci\u00f3n del entorno, que implica la Responsabilidad Social ya ejemplarizada en los valores del Buen Samaritano y en las ense\u00f1anzas y el testimonio de vida de Jes\u00fas el Buen Maestro. <\/span><\/span><\/h3>\t\t\t\t\t\t\t\t<\/div>\n\t\t\t\t<div class=\"elementor-element elementor-element-514b76d elementor-widget elementor-widget-heading\" data-id=\"514b76d\" data-element_type=\"widget\" data-widget_type=\"heading.default\">\n\t\t\t\t\t<h2 class=\"elementor-heading-title elementor-size-large\">CULTURA DE LA VERDAD<\/h2>\t\t\t\t<\/div>\n\t\t\t\t<div class=\"elementor-element elementor-element-32020eb elementor-widget elementor-widget-text-editor\" data-id=\"32020eb\" data-element_type=\"widget\" data-widget_type=\"text-editor.default\">\n\t\t\t\t\t\t\t\t\t<p><strong>Fortalecer la \u00c9tica de la cerdad en las instituciones, para encauzar comportaminetos que contrarresten las influencias externas e internad que vulneran al ser persona, y e impiden testimoniar la verdad de Jesucristo.<\/strong><\/p>\t\t\t\t\t\t\t\t<\/div>\n\t\t\t\t<div class=\"elementor-element elementor-element-301df43 elementor-widget elementor-widget-heading\" data-id=\"301df43\" data-element_type=\"widget\" data-widget_type=\"heading.default\">\n\t\t\t\t\t<h2 class=\"elementor-heading-title elementor-size-large\">SELECCI\u00d3N Y FORMACI\u00d3N DE UN PERSONAL ID\u00d3NEO<\/h2>\t\t\t\t<\/div>\n\t\t\t\t<div class=\"elementor-element elementor-element-75479e7 elementor-widget elementor-widget-text-editor\" data-id=\"75479e7\" data-element_type=\"widget\" data-widget_type=\"text-editor.default\">\n\t\t\t\t\t\t\t\t\t<h3><span id=\"docs-internal-guid-f9628486-7fff-b275-09b1-8b38f1f1c64b\"><span style=\"font-size: 11pt; font-family: Arial; color: #000000; background-color: transparent; font-variant-numeric: normal; font-variant-east-asian: normal; font-variant-alternates: normal; vertical-align: baseline; white-space: pre-wrap;\">Realizar una rigurosa selecci\u00f3n del personal, y una formaci\u00f3n basada en el conocimiento de la filosof\u00eda institucional con el fin de evidenciar el compromiso con el SGOE y el desarrollo y la vivencia del Proyecto Educativo\u00a0 Institucional. <\/span><\/span><\/h3>\t\t\t\t\t\t\t\t<\/div>\n\t\t\t\t<div class=\"elementor-element elementor-element-2af81f2 elementor-widget elementor-widget-heading\" data-id=\"2af81f2\" data-element_type=\"widget\" data-widget_type=\"heading.default\">\n\t\t\t\t\t<h2 class=\"elementor-heading-title elementor-size-large\">CULTURA DE LA PREVENCI\u00d3N<\/h2>\t\t\t\t<\/div>\n\t\t\t\t<div class=\"elementor-element elementor-element-2297155 elementor-widget elementor-widget-text-editor\" data-id=\"2297155\" data-element_type=\"widget\" data-widget_type=\"text-editor.default\">\n\t\t\t\t\t\t\t\t\t<h3><span id=\"docs-internal-guid-f9628486-7fff-b275-09b1-8b38f1f1c64b\"><span style=\"font-size: 11pt; font-family: Arial; color: #000000; background-color: transparent; font-variant-numeric: normal; font-variant-east-asian: normal; font-variant-alternates: normal; vertical-align: baseline; white-space: pre-wrap;\">Incrementar la cultura de la prevenci\u00f3n mediante la implementaci\u00f3n de acciones concretas, para mitigar, eliminar o reducir los efectos no deseados y aprovechar las oportunidades, para asegurar el logro de los resultados previstos. <\/span><\/span><\/h3>\t\t\t\t\t\t\t\t<\/div>\n\t\t\t\t<div class=\"elementor-element elementor-element-2440387 elementor-widget elementor-widget-heading\" data-id=\"2440387\" data-element_type=\"widget\" data-widget_type=\"heading.default\">\n\t\t\t\t\t<h2 class=\"elementor-heading-title elementor-size-large\">MANTENIMIENTO DE UN AMBIENTE E INFRAESTRUCTURA ADECUADA Y DESTINACI\u00d3N DE LOS RECURSOS<\/h2>\t\t\t\t<\/div>\n\t\t\t\t<div class=\"elementor-element elementor-element-829c5b1 elementor-widget elementor-widget-text-editor\" data-id=\"829c5b1\" data-element_type=\"widget\" data-widget_type=\"text-editor.default\">\n\t\t\t\t\t\t\t\t\t<h3><span id=\"docs-internal-guid-dab6660d-7fff-a7f1-6aee-a1f108618275\" style=\"font-weight: normal;\"><span style=\"font-size: 12pt; font-family: Arial; color: #000000; background-color: transparent; font-variant-numeric: normal; font-variant-east-asian: normal; font-variant-alternates: normal; vertical-align: baseline; white-space: pre-wrap;\"><strong>Mejorar el\u00a0 ambiente y la infraestructura mediante la destinaci\u00f3n y optimizaci\u00f3n\u00a0 de los\u00a0 recursos humanos, f\u00edsicos y financieros, para el desarrollo de los procesos<\/strong><\/span><strong> <span style=\"font-size: 12pt; font-family: Arial; color: #000000; background-color: transparent; font-variant-numeric: normal; font-variant-east-asian: normal; font-variant-alternates: normal; vertical-align: baseline; white-space: pre-wrap;\">\u00a0y\u00a0 la\u00a0 permanencia de las instituciones.<\/span><\/strong><\/span><\/h3>\t\t\t\t\t\t\t\t<\/div>\n\t\t\t\t<div class=\"elementor-element elementor-element-d90ca2c elementor-widget elementor-widget-heading\" data-id=\"d90ca2c\" data-element_type=\"widget\" data-widget_type=\"heading.default\">\n\t\t\t\t\t<h2 class=\"elementor-heading-title elementor-size-large\">CONTROL Y MEJORA CONTINUA<\/h2>\t\t\t\t<\/div>\n\t\t\t\t<div class=\"elementor-element elementor-element-2059798 elementor-widget elementor-widget-text-editor\" data-id=\"2059798\" data-element_type=\"widget\" data-widget_type=\"text-editor.default\">\n\t\t\t\t\t\t\t\t\t<h3><strong><span id=\"docs-internal-guid-2d9b243a-7fff-0213-9bd0-d6543593e928\"><span style=\"font-size: 12pt; font-family: Arial; color: #000000; background-color: transparent; font-variant-numeric: normal; font-variant-east-asian: normal; font-variant-alternates: normal; vertical-align: baseline; white-space: pre-wrap;\">Asegurar la adecuaci\u00f3n, conveniencia y eficacia del SGOE mediante la evaluaci\u00f3n y control de los procesos, para favorecer la cultura de la mejora continua.<\/span><\/span><\/strong><\/h3>\t\t\t\t\t\t\t\t<\/div>\n\t\t\t\t\t<\/div>\n\t\t<\/div>\n\t\t\t\t\t<\/div>\n\t\t<\/section>\n\t\t\t\t<\/div>\n\t\t","protected":false},"excerpt":{"rendered":"<p>MISI\u00d3N Somos una Instituci\u00f3n educativa confesional cat\u00f3lica, de car\u00e1cter privado, dirigida por las Hermanas de la Caridad Dominicas de la Presentaci\u00f3n de la Sant\u00edsima Virgen. Ofrecemos formaci\u00f3n integral, a la [&hellip;]<\/p>\n","protected":false},"author":1,"featured_media":0,"parent":0,"menu_order":0,"comment_status":"closed","ping_status":"closed","template":"","meta":{"site-sidebar-layout":"no-sidebar","site-content-layout":"page-builder","ast-site-content-layout":"default","site-content-style":"default","site-sidebar-style":"default","ast-global-header-display":"","ast-banner-title-visibility":"","ast-main-header-display":"","ast-hfb-above-header-display":"","ast-hfb-below-header-display":"","ast-hfb-mobile-header-display":"","site-post-title":"disabled","ast-breadcrumbs-content":"","ast-featured-img":"disabled","footer-sml-layout":"","ast-disable-related-posts":"","theme-transparent-header-meta":"enabled","adv-header-id-meta":"","stick-header-meta":"default","header-above-stick-meta":"","header-main-stick-meta":"","header-below-stick-meta":"","astra-migrate-meta-layouts":"default","ast-page-background-enabled":"default","ast-page-background-meta":{"desktop":{"background-color":"","background-image":"","background-repeat":"repeat","background-position":"center center","background-size":"auto","background-attachment":"scroll","background-type":"","background-media":"","overlay-type":"","overlay-color":"","overlay-opacity":"","overlay-gradient":""},"tablet":{"background-color":"","background-image":"","background-repeat":"repeat","background-position":"center center","background-size":"auto","background-attachment":"scroll","background-type":"","background-media":"","overlay-type":"","overlay-color":"","overlay-opacity":"","overlay-gradient":""},"mobile":{"background-color":"","background-image":"","background-repeat":"repeat","background-position":"center center","background-size":"auto","background-attachment":"scroll","background-type":"","background-media":"","overlay-type":"","overlay-color":"","overlay-opacity":"","overlay-gradient":""}},"ast-content-background-meta":{"desktop":{"background-color":"var(--ast-global-color-5)","background-image":"","background-repeat":"repeat","background-position":"center center","background-size":"auto","background-attachment":"scroll","background-type":"","background-media":"","overlay-type":"","overlay-color":"","overlay-opacity":"","overlay-gradient":""},"tablet":{"background-color":"var(--ast-global-color-5)","background-image":"","background-repeat":"repeat","background-position":"center center","background-size":"auto","background-attachment":"scroll","background-type":"","background-media":"","overlay-type":"","overlay-color":"","overlay-opacity":"","overlay-gradient":""},"mobile":{"background-color":"var(--ast-global-color-5)","background-image":"","background-repeat":"repeat","background-position":"center center","background-size":"auto","background-attachment":"scroll","background-type":"","background-media":"","overlay-type":"","overlay-color":"","overlay-opacity":"","overlay-gradient":""}},"footnotes":""},"class_list":["post-26576","page","type-page","status-publish","hentry"],"_links":{"self":[{"href":"https:\/\/colpresentacioncartago.edu.co\/site\/index.php?rest_route=\/wp\/v2\/pages\/26576","targetHints":{"allow":["GET"]}}],"collection":[{"href":"https:\/\/colpresentacioncartago.edu.co\/site\/index.php?rest_route=\/wp\/v2\/pages"}],"about":[{"href":"https:\/\/colpresentacioncartago.edu.co\/site\/index.php?rest_route=\/wp\/v2\/types\/page"}],"author":[{"embeddable":true,"href":"https:\/\/colpresentacioncartago.edu.co\/site\/index.php?rest_route=\/wp\/v2\/users\/1"}],"replies":[{"embeddable":true,"href":"https:\/\/colpresentacioncartago.edu.co\/site\/index.php?rest_route=%2Fwp%2Fv2%2Fcomments&post=26576"}],"version-history":[{"count":29,"href":"https:\/\/colpresentacioncartago.edu.co\/site\/index.php?rest_route=\/wp\/v2\/pages\/26576\/revisions"}],"predecessor-version":[{"id":29362,"href":"https:\/\/colpresentacioncartago.edu.co\/site\/index.php?rest_route=\/wp\/v2\/pages\/26576\/revisions\/29362"}],"wp:attachment":[{"href":"https:\/\/colpresentacioncartago.edu.co\/site\/index.php?rest_route=%2Fwp%2Fv2%2Fmedia&parent=26576"}],"curies":[{"name":"wp","href":"https:\/\/api.w.org\/{rel}","templated":true}]}}